{"id":8082,"date":"2016-11-05T23:16:56","date_gmt":"2016-11-06T02:16:56","guid":{"rendered":"https:\/\/laurasoleapoloni.tk\/?post_type=portfolio&#038;p=8082"},"modified":"2024-05-22T23:49:00","modified_gmt":"2024-05-23T02:49:00","slug":"diseno-pilar","status":"publish","type":"portfolio","link":"https:\/\/laurasoleapoloni.tk\/en\/projecto\/diseno-pilar\/","title":{"rendered":"Dise\u00f1o Pilar"},"content":{"rendered":"<div class=\"wpb-content-wrapper\"><div class=\"vc_row wpb_row vc_row-fluid\">\n\t<div  class=\"vc_span12 wpb_column vc_column_container\"><div class=\"vc_column-inner\">\n\t\t<div class=\"wpb_wrapper\">\n\t\t\t<div class=\"vc_empty_space\"   style=\"height: 32px\"><span class=\"vc_empty_space_inner\"><\/span><\/div><div class=\"rd_img_gallery_ctn clearfix\" style=\"margin:0px auto 0px;\"><div class=\"ig_col_1\"><img decoding=\"async\" width=\"1170\" height=\"250\" data-src=\"https:\/\/laurasoleapoloni.tk\/wp-content\/uploads\/2016\/11\/Logos-1.jpg\" class=\"attachment-full lazyload\" alt=\"\" title=\"Logos\" data-srcset=\"https:\/\/laurasoleapoloni.tk\/wp-content\/uploads\/2016\/11\/Logos-1.jpg 1170w, https:\/\/laurasoleapoloni.tk\/wp-content\/uploads\/2016\/11\/Logos-1-300x64.jpg 300w, https:\/\/laurasoleapoloni.tk\/wp-content\/uploads\/2016\/11\/Logos-1-768x164.jpg 768w, https:\/\/laurasoleapoloni.tk\/wp-content\/uploads\/2016\/11\/Logos-1-18x4.jpg 18w\" data-sizes=\"(max-width: 1170px) 100vw, 1170px\" src=\"data:image\/gif;base64,R0lGODlhAQABAAAAACH5BAEKAAEALAAAAAABAAEAAAICTAEAOw==\" style=\"--smush-placeholder-width: 1170px; --smush-placeholder-aspect-ratio: 1170\/250;\" \/><noscript><img decoding=\"async\" width=\"1170\" height=\"250\" src=\"https:\/\/laurasoleapoloni.tk\/wp-content\/uploads\/2016\/11\/Logos-1.jpg\" class=\"attachment-full\" alt=\"\" title=\"Logos\" srcset=\"https:\/\/laurasoleapoloni.tk\/wp-content\/uploads\/2016\/11\/Logos-1.jpg 1170w, https:\/\/laurasoleapoloni.tk\/wp-content\/uploads\/2016\/11\/Logos-1-300x64.jpg 300w, https:\/\/laurasoleapoloni.tk\/wp-content\/uploads\/2016\/11\/Logos-1-768x164.jpg 768w, https:\/\/laurasoleapoloni.tk\/wp-content\/uploads\/2016\/11\/Logos-1-18x4.jpg 18w\" sizes=\"(max-width: 1170px) 100vw, 1170px\" \/><\/noscript><\/div><\/div><div class=\"vc_empty_space\"   style=\"height: 32px\"><span class=\"vc_empty_space_inner\"><\/span><\/div>\n\t\t<\/div> <\/div>\n\t<\/div> \n<\/div><div   class=\"vc_row wpb_row vc_row-fluid\">\n\t<div  class=\"vc_span12 wpb_column vc_column_container\"><div class=\"vc_column-inner\">\n\t\t<div class=\"wpb_wrapper\">\n\t\t\t<div class=\"vc_row wpb_row vc_inner vc_row-fluid\"><div  class=\"wpb_column vc_column_container vc_span3\"><div class=\"vc_column-inner\" ><div class=\"wpb_wrapper\">\n\t<div class=\"wpb_text_column wpb_content_element   ct_sj7epa19wucnumgjfkr3\" >\n\t\t<div class=\"wpb_wrapper\" >\n\t\t\t<p><strong>Cliente:<\/strong> Instituto de Arte y Creatividad Pilar<\/p>\n<p><strong>A\u00f1o:<\/strong> 2016<\/p>\n\n\t\t<\/div> \n\t<\/div> <div class=\"vc_empty_space\"   style=\"height: 5px\"><span class=\"vc_empty_space_inner\"><\/span><\/div><\/div><\/div><\/div><div  class=\"wpb_column vc_column_container vc_span3\"><div class=\"vc_column-inner\" ><div class=\"wpb_wrapper\">\n\t<div class=\"wpb_text_column wpb_content_element   ct_fabpb0ubz9uo6yp6vp4y\" >\n\t\t<div class=\"wpb_wrapper\" >\n\t\t\t<p><strong>Desarrollo:<br \/>\n<\/strong>Carteler\u00eda<strong><br \/>\n<\/strong><\/p>\n\n\t\t<\/div> \n\t<\/div> <div class=\"vc_empty_space\"   style=\"height: 32px\"><span class=\"vc_empty_space_inner\"><\/span><\/div><\/div><\/div><\/div><div  class=\"wpb_column vc_column_container vc_span6\"><div class=\"vc_column-inner\" ><div class=\"wpb_wrapper\"><h2 style=\"text-align: left;font-family:Dosis;font-weight:700;font-style:normal\" class=\"vc_custom_heading\" >Exposici\u00f3n Dise\u00f1o Pilar<\/h2>\n\t<div class=\"wpb_text_column wpb_content_element  vc_custom_1716430863266  ct_g71zlhbkh03pclkifwty\" >\n\t\t<div class=\"wpb_wrapper\" >\n\t\t\t<p><span style=\"color: #4c4c4c;\">El Instituto de Arte y Creatividad Pilar es una instituci\u00f3n educativa de nivel terciario que ofrece tecnicatura en dise\u00f1o gr\u00e1fico, tecnicatura en dise\u00f1o de indumentaria, tecnicatura en artes visuales y teatro.<\/span><\/p>\n\n\t\t<\/div> \n\t<\/div> <\/div><\/div><\/div><\/div>\n\t\t<\/div> <\/div>\n\t<\/div> \n<\/div><div   class=\"vc_row wpb_row vc_row-fluid\">\n\t<div  class=\"vc_span12 wpb_column vc_column_container\"><div class=\"vc_column-inner\">\n\t\t<div class=\"wpb_wrapper\">\n\t\t\t\n\t<div class=\"wpb_text_column wpb_content_element   ct_uq1zgdpbijn28j09h8td\" >\n\t\t<div class=\"wpb_wrapper\" >\n\t\t\t<p>Dise\u00f1o Pilar es una exposici\u00f3n de alumnos de dise\u00f1o. Un evento anual que presenta los trabajos de los estudiantes de la instituci\u00f3n.<\/p>\n\n\t\t<\/div> \n\t<\/div> <div class=\"vc_empty_space\"   style=\"height: 5px\"><span class=\"vc_empty_space_inner\"><\/span><\/div>\n\t\t<\/div> <\/div>\n\t<\/div> \n<\/div><div   class=\"vc_row wpb_row vc_row-fluid\">\n\t<div  class=\"vc_span6 wpb_column vc_column_container\"><div class=\"vc_column-inner\">\n\t\t<div class=\"wpb_wrapper\">\n\t\t\t<h2 style=\"text-align: left;font-family:Dosis;font-weight:600;font-style:normal\" class=\"vc_custom_heading\" >Objetivo<\/h2>\n\t<div class=\"wpb_text_column wpb_content_element   ct_bu3hbheui91qmsrleer5\" >\n\t\t<div class=\"wpb_wrapper\" >\n\t\t\t<p>El objetivo del afiche es promocionar la exposici\u00f3n de alumnos de dise\u00f1o del Instituto de Arte y Creatividad Pilar, que se llevar\u00e1 a cabo el 5 de noviembre de 2016 a las 18:00 horas en el instituto. La exposici\u00f3n tendr\u00e1 como tem\u00e1tica la indumentaria ambientada en los cinco elementos.<\/p>\n\n\t\t<\/div> \n\t<\/div> <div class=\"vc_empty_space\"   style=\"height: 16px\"><span class=\"vc_empty_space_inner\"><\/span><\/div>\n\t\t<\/div> <\/div>\n\t<\/div> \n\n\t<div  class=\"vc_span6 wpb_column vc_column_container\"><div class=\"vc_column-inner\">\n\t\t<div class=\"wpb_wrapper\">\n\t\t\t<h2 style=\"text-align: left;font-family:Dosis;font-weight:600;font-style:normal\" class=\"vc_custom_heading\" >Audiencia<\/h2>\n\t<div class=\"wpb_text_column wpb_content_element   ct_61m6gionjzpau7x2p0s4\" >\n\t\t<div class=\"wpb_wrapper\" >\n\t\t\t<p><span style=\"color: #4c4c4c;\">El p\u00fablico objetivo del afiche son los estudiantes de dise\u00f1o, los profesores de dise\u00f1o, los padres de los estudiantes de dise\u00f1o y la comunidad en general.<\/span><\/p>\n\n\t\t<\/div> \n\t<\/div> \n\t\t<\/div> <\/div>\n\t<\/div> \n<\/div><div   class=\"vc_row wpb_row vc_row-fluid\">\n\t<div  class=\"vc_span12 wpb_column vc_column_container\"><div class=\"vc_column-inner\">\n\t\t<div class=\"wpb_wrapper\">\n\t\t\t<h2 style=\"text-align: left;font-family:Dosis;font-weight:600;font-style:normal\" class=\"vc_custom_heading\" >Estilo<\/h2>\n\t<div class=\"wpb_text_column wpb_content_element   ct_l6j3kvv95ndok3wlanvo\" >\n\t\t<div class=\"wpb_wrapper\" >\n\t\t\t<p><span style=\"color: #4c4c4c;\">El estilo del afiche es creativo y llamativo, para captar la atenci\u00f3n del p\u00fablico objetivo. Se utiliz\u00f3 un lenguaje visual que transmita la esencia de la tem\u00e1tica de la exposici\u00f3n.<br \/>\n<\/span><\/p>\n\n\t\t<\/div> \n\t<\/div> <div class=\"vc_empty_space\"   style=\"height: 5px\"><span class=\"vc_empty_space_inner\"><\/span><\/div>\n\t\t<\/div> <\/div>\n\t<\/div> \n<\/div><div   class=\"vc_row wpb_row vc_row-fluid vc_custom_1716428893989 full-width-content\">\n\t<div  class=\"vc_span12 wpb_column vc_column_container\"><div class=\"vc_column-inner\">\n\t\t<div class=\"wpb_wrapper\">\n\t\t\t<div class=\"rd_img_gallery_ctn clearfix\" style=\"margin:0px auto 0px;\"><div class=\"ig_col_1\"><img decoding=\"async\" width=\"1536\" height=\"600\" data-src=\"https:\/\/laurasoleapoloni.tk\/wp-content\/uploads\/2016\/11\/Afiche-Diseno-Pilar.jpg\" class=\"attachment-full lazyload\" alt=\"\" title=\"\" data-srcset=\"https:\/\/laurasoleapoloni.tk\/wp-content\/uploads\/2016\/11\/Afiche-Diseno-Pilar.jpg 1536w, https:\/\/laurasoleapoloni.tk\/wp-content\/uploads\/2016\/11\/Afiche-Diseno-Pilar-300x117.jpg 300w, https:\/\/laurasoleapoloni.tk\/wp-content\/uploads\/2016\/11\/Afiche-Diseno-Pilar-768x300.jpg 768w, https:\/\/laurasoleapoloni.tk\/wp-content\/uploads\/2016\/11\/Afiche-Diseno-Pilar-18x7.jpg 18w\" data-sizes=\"(max-width: 1536px) 100vw, 1536px\" src=\"data:image\/gif;base64,R0lGODlhAQABAAAAACH5BAEKAAEALAAAAAABAAEAAAICTAEAOw==\" style=\"--smush-placeholder-width: 1536px; --smush-placeholder-aspect-ratio: 1536\/600;\" \/><noscript><img decoding=\"async\" width=\"1536\" height=\"600\" src=\"https:\/\/laurasoleapoloni.tk\/wp-content\/uploads\/2016\/11\/Afiche-Diseno-Pilar.jpg\" class=\"attachment-full\" alt=\"\" title=\"\" srcset=\"https:\/\/laurasoleapoloni.tk\/wp-content\/uploads\/2016\/11\/Afiche-Diseno-Pilar.jpg 1536w, https:\/\/laurasoleapoloni.tk\/wp-content\/uploads\/2016\/11\/Afiche-Diseno-Pilar-300x117.jpg 300w, https:\/\/laurasoleapoloni.tk\/wp-content\/uploads\/2016\/11\/Afiche-Diseno-Pilar-768x300.jpg 768w, https:\/\/laurasoleapoloni.tk\/wp-content\/uploads\/2016\/11\/Afiche-Diseno-Pilar-18x7.jpg 18w\" sizes=\"(max-width: 1536px) 100vw, 1536px\" \/><\/noscript><\/div><\/div>\n\t\t<\/div> <\/div>\n\t<\/div> \n<\/div>\n<\/div>","protected":false},"featured_media":8085,"menu_order":0,"comment_status":"closed","ping_status":"closed","template":"","class_list":["post-8082","portfolio","type-portfolio","status-publish","has-post-thumbnail","hentry","catportfolio-carteleria","tagportfolio-carteleria"],"_links":{"self":[{"href":"https:\/\/laurasoleapoloni.tk\/en\/wp-json\/wp\/v2\/portfolio\/8082","targetHints":{"allow":["GET"]}}],"collection":[{"href":"https:\/\/laurasoleapoloni.tk\/en\/wp-json\/wp\/v2\/portfolio"}],"about":[{"href":"https:\/\/laurasoleapoloni.tk\/en\/wp-json\/wp\/v2\/types\/portfolio"}],"replies":[{"embeddable":true,"href":"https:\/\/laurasoleapoloni.tk\/en\/wp-json\/wp\/v2\/comments?post=8082"}],"wp:featuredmedia":[{"embeddable":true,"href":"https:\/\/laurasoleapoloni.tk\/en\/wp-json\/wp\/v2\/media\/8085"}],"wp:attachment":[{"href":"https:\/\/laurasoleapoloni.tk\/en\/wp-json\/wp\/v2\/media?parent=8082"}],"curies":[{"name":"wp","href":"https:\/\/api.w.org\/{rel}","templated":true}]}}