{"id":8156,"date":"2019-06-28T23:51:46","date_gmt":"2019-06-29T02:51:46","guid":{"rendered":"https:\/\/laurasoleapoloni.tk\/?post_type=portfolio&#038;p=8156"},"modified":"2024-08-16T13:01:48","modified_gmt":"2024-08-16T16:01:48","slug":"calendario-tipografico","status":"publish","type":"portfolio","link":"https:\/\/laurasoleapoloni.tk\/en\/projecto\/calendario-tipografico\/","title":{"rendered":"Calendario tipogr\u00e1fico"},"content":{"rendered":"<div class=\"wpb-content-wrapper\"><div class=\"vc_row wpb_row vc_row-fluid full-width-content\">\n\t<div  class=\"vc_span12 wpb_column vc_column_container\"><div class=\"vc_column-inner\">\n\t\t<div class=\"wpb_wrapper\">\n\t\t\t<div class=\"rd_img_gallery_ctn clearfix\" style=\"margin:0px auto 0px;\"><div class=\"ig_col_1\"><img decoding=\"async\" width=\"1536\" height=\"600\" data-src=\"https:\/\/laurasoleapoloni.tk\/wp-content\/uploads\/2019\/06\/01-Calendario-tipografico-encabezado.jpg\" class=\"attachment-full lazyload\" alt=\"\" title=\"\" data-srcset=\"https:\/\/laurasoleapoloni.tk\/wp-content\/uploads\/2019\/06\/01-Calendario-tipografico-encabezado.jpg 1536w, https:\/\/laurasoleapoloni.tk\/wp-content\/uploads\/2019\/06\/01-Calendario-tipografico-encabezado-300x117.jpg 300w, https:\/\/laurasoleapoloni.tk\/wp-content\/uploads\/2019\/06\/01-Calendario-tipografico-encabezado-768x300.jpg 768w, https:\/\/laurasoleapoloni.tk\/wp-content\/uploads\/2019\/06\/01-Calendario-tipografico-encabezado-18x7.jpg 18w\" data-sizes=\"(max-width: 1536px) 100vw, 1536px\" src=\"data:image\/gif;base64,R0lGODlhAQABAAAAACH5BAEKAAEALAAAAAABAAEAAAICTAEAOw==\" style=\"--smush-placeholder-width: 1536px; --smush-placeholder-aspect-ratio: 1536\/600;\" \/><noscript><img decoding=\"async\" width=\"1536\" height=\"600\" src=\"https:\/\/laurasoleapoloni.tk\/wp-content\/uploads\/2019\/06\/01-Calendario-tipografico-encabezado.jpg\" class=\"attachment-full\" alt=\"\" title=\"\" srcset=\"https:\/\/laurasoleapoloni.tk\/wp-content\/uploads\/2019\/06\/01-Calendario-tipografico-encabezado.jpg 1536w, https:\/\/laurasoleapoloni.tk\/wp-content\/uploads\/2019\/06\/01-Calendario-tipografico-encabezado-300x117.jpg 300w, https:\/\/laurasoleapoloni.tk\/wp-content\/uploads\/2019\/06\/01-Calendario-tipografico-encabezado-768x300.jpg 768w, https:\/\/laurasoleapoloni.tk\/wp-content\/uploads\/2019\/06\/01-Calendario-tipografico-encabezado-18x7.jpg 18w\" sizes=\"(max-width: 1536px) 100vw, 1536px\" \/><\/noscript><\/div><\/div><div class=\"vc_empty_space\"   style=\"height: 32px\"><span class=\"vc_empty_space_inner\"><\/span><\/div>\n\t\t<\/div> <\/div>\n\t<\/div> \n<\/div><div   class=\"vc_row wpb_row vc_row-fluid\">\n\t<div  class=\"vc_span12 wpb_column vc_column_container\"><div class=\"vc_column-inner\">\n\t\t<div class=\"wpb_wrapper\">\n\t\t\t<div class=\"vc_row wpb_row vc_inner vc_row-fluid\"><div  class=\"wpb_column vc_column_container vc_span3\"><div class=\"vc_column-inner\" ><div class=\"wpb_wrapper\">\n\t<div class=\"wpb_text_column wpb_content_element   ct_le7xung5jobtvcbqq8g2\" >\n\t\t<div class=\"wpb_wrapper\" >\n\t\t\t<p><strong>Cliente:<\/strong> Para vender<\/p>\n<p><strong>A\u00f1o:<\/strong> 2019<\/p>\n\n\t\t<\/div> \n\t<\/div> <div class=\"vc_empty_space\"   style=\"height: 5px\"><span class=\"vc_empty_space_inner\"><\/span><\/div><\/div><\/div><\/div><div  class=\"wpb_column vc_column_container vc_span3\"><div class=\"vc_column-inner\" ><div class=\"wpb_wrapper\">\n\t<div class=\"wpb_text_column wpb_content_element   ct_47r84wxtg89wciwkf6il\" >\n\t\t<div class=\"wpb_wrapper\" >\n\t\t\t<p><strong>Desarrollo:<br \/>\n<\/strong>Almanaque<\/p>\n\n\t\t<\/div> \n\t<\/div> <div class=\"vc_empty_space\"   style=\"height: 32px\"><span class=\"vc_empty_space_inner\"><\/span><\/div><\/div><\/div><\/div><div  class=\"wpb_column vc_column_container vc_span6\"><div class=\"vc_column-inner\" ><div class=\"wpb_wrapper\"><h2 style=\"text-align: left;font-family:Dosis;font-weight:700;font-style:normal\" class=\"vc_custom_heading\" >Calendario tipogr\u00e1fico<\/h2>\n\t<div class=\"wpb_text_column wpb_content_element  vc_custom_1716951329344  ct_da52h7x7zhorw7jx38lf\" >\n\t\t<div class=\"wpb_wrapper\" >\n\t\t\t<p><span style=\"color: #4c4c4c;\">Dise\u00f1o de un calendario tipogr\u00e1fico para escritorio atractivo y funcional para el a\u00f1o 2019, con un color de fondo personalizado, que sea atractivo para el p\u00fablico objetivo y que pueda ser vendido como un producto de alta calidad.<\/span><\/p>\n\n\t\t<\/div> \n\t<\/div> <\/div><\/div><\/div><\/div>\n\t\t<\/div> <\/div>\n\t<\/div> \n<\/div><div   class=\"vc_row wpb_row vc_row-fluid\">\n\t<div  class=\"vc_span12 wpb_column vc_column_container\"><div class=\"vc_column-inner\">\n\t\t<div class=\"wpb_wrapper\">\n\t\t\t<h2 style=\"text-align: left;font-family:Dosis;font-weight:600;font-style:normal\" class=\"vc_custom_heading\" >Audiencia<\/h2>\n\t<div class=\"wpb_text_column wpb_content_element   ct_z1ug4mwmvmp6lnj1bsx4\" >\n\t\t<div class=\"wpb_wrapper\" >\n\t\t\t<p><span style=\"color: #4c4c4c;\">El p\u00fablico objetivo del calendario son personas que buscan un producto de dise\u00f1o original y funcional para organizar su tiempo. Se trata de personas con un gusto por la est\u00e9tica y que aprecian la calidad en los materiales y la impresi\u00f3n.<\/span><\/p>\n\n\t\t<\/div> \n\t<\/div> \n\t\t<\/div> <\/div>\n\t<\/div> \n<\/div><div   class=\"vc_row wpb_row vc_row-fluid vc_custom_1716831122474 full-width-content\">\n\t<div  class=\"vc_span12 wpb_column vc_column_container\"><div class=\"vc_column-inner\">\n\t\t<div class=\"wpb_wrapper\">\n\t\t\t<div class=\"rd_img_gallery_ctn clearfix\" style=\"margin:0px auto 0px;\"><div class=\"ig_col_1\"><img decoding=\"async\" width=\"1536\" height=\"600\" data-src=\"https:\/\/laurasoleapoloni.tk\/wp-content\/uploads\/2019\/06\/02-Calendario-tipografico-de-mesa.jpg\" class=\"attachment-full lazyload\" alt=\"\" title=\"\" data-srcset=\"https:\/\/laurasoleapoloni.tk\/wp-content\/uploads\/2019\/06\/02-Calendario-tipografico-de-mesa.jpg 1536w, https:\/\/laurasoleapoloni.tk\/wp-content\/uploads\/2019\/06\/02-Calendario-tipografico-de-mesa-300x117.jpg 300w, https:\/\/laurasoleapoloni.tk\/wp-content\/uploads\/2019\/06\/02-Calendario-tipografico-de-mesa-768x300.jpg 768w, https:\/\/laurasoleapoloni.tk\/wp-content\/uploads\/2019\/06\/02-Calendario-tipografico-de-mesa-18x7.jpg 18w\" data-sizes=\"(max-width: 1536px) 100vw, 1536px\" src=\"data:image\/gif;base64,R0lGODlhAQABAAAAACH5BAEKAAEALAAAAAABAAEAAAICTAEAOw==\" style=\"--smush-placeholder-width: 1536px; --smush-placeholder-aspect-ratio: 1536\/600;\" \/><noscript><img decoding=\"async\" width=\"1536\" height=\"600\" src=\"https:\/\/laurasoleapoloni.tk\/wp-content\/uploads\/2019\/06\/02-Calendario-tipografico-de-mesa.jpg\" class=\"attachment-full\" alt=\"\" title=\"\" srcset=\"https:\/\/laurasoleapoloni.tk\/wp-content\/uploads\/2019\/06\/02-Calendario-tipografico-de-mesa.jpg 1536w, https:\/\/laurasoleapoloni.tk\/wp-content\/uploads\/2019\/06\/02-Calendario-tipografico-de-mesa-300x117.jpg 300w, https:\/\/laurasoleapoloni.tk\/wp-content\/uploads\/2019\/06\/02-Calendario-tipografico-de-mesa-768x300.jpg 768w, https:\/\/laurasoleapoloni.tk\/wp-content\/uploads\/2019\/06\/02-Calendario-tipografico-de-mesa-18x7.jpg 18w\" sizes=\"(max-width: 1536px) 100vw, 1536px\" \/><\/noscript><\/div><div class=\"ig_col_1\"><img decoding=\"async\" width=\"1536\" height=\"600\" data-src=\"https:\/\/laurasoleapoloni.tk\/wp-content\/uploads\/2019\/06\/03-Calendario-tipografico-de-pared.jpg\" class=\"attachment-full lazyload\" alt=\"\" title=\"\" data-srcset=\"https:\/\/laurasoleapoloni.tk\/wp-content\/uploads\/2019\/06\/03-Calendario-tipografico-de-pared.jpg 1536w, https:\/\/laurasoleapoloni.tk\/wp-content\/uploads\/2019\/06\/03-Calendario-tipografico-de-pared-300x117.jpg 300w, https:\/\/laurasoleapoloni.tk\/wp-content\/uploads\/2019\/06\/03-Calendario-tipografico-de-pared-768x300.jpg 768w, https:\/\/laurasoleapoloni.tk\/wp-content\/uploads\/2019\/06\/03-Calendario-tipografico-de-pared-18x7.jpg 18w\" data-sizes=\"(max-width: 1536px) 100vw, 1536px\" src=\"data:image\/gif;base64,R0lGODlhAQABAAAAACH5BAEKAAEALAAAAAABAAEAAAICTAEAOw==\" style=\"--smush-placeholder-width: 1536px; --smush-placeholder-aspect-ratio: 1536\/600;\" \/><noscript><img decoding=\"async\" width=\"1536\" height=\"600\" src=\"https:\/\/laurasoleapoloni.tk\/wp-content\/uploads\/2019\/06\/03-Calendario-tipografico-de-pared.jpg\" class=\"attachment-full\" alt=\"\" title=\"\" srcset=\"https:\/\/laurasoleapoloni.tk\/wp-content\/uploads\/2019\/06\/03-Calendario-tipografico-de-pared.jpg 1536w, https:\/\/laurasoleapoloni.tk\/wp-content\/uploads\/2019\/06\/03-Calendario-tipografico-de-pared-300x117.jpg 300w, https:\/\/laurasoleapoloni.tk\/wp-content\/uploads\/2019\/06\/03-Calendario-tipografico-de-pared-768x300.jpg 768w, https:\/\/laurasoleapoloni.tk\/wp-content\/uploads\/2019\/06\/03-Calendario-tipografico-de-pared-18x7.jpg 18w\" sizes=\"(max-width: 1536px) 100vw, 1536px\" \/><\/noscript><\/div><\/div><div class=\"vc_empty_space\"   style=\"height: 40px\"><span class=\"vc_empty_space_inner\"><\/span><\/div>\n\t\t<\/div> <\/div>\n\t<\/div> \n<\/div><div   class=\"vc_row wpb_row vc_row-fluid\">\n\t<div  class=\"vc_span12 wpb_column vc_column_container\"><div class=\"vc_column-inner\">\n\t\t<div class=\"wpb_wrapper\">\n\t\t\t<h2 style=\"text-align: left;font-family:Dosis;font-weight:600;font-style:normal\" class=\"vc_custom_heading\" >Este calendario te ofrece:<\/h2>\n\t<div class=\"wpb_text_column wpb_content_element   ct_rzte9a16dk3sd4evbbwy\" >\n\t\t<div class=\"wpb_wrapper\" >\n\t\t\t<p><span style=\"color: #4c4c4c;\">Un dise\u00f1o moderno y minimalista que se adapta a cualquier espacio.<br \/>\nDisponible para escritorio y pared<br \/>\nVista mensual para una mejor planificaci\u00f3n a largo plazo.<br \/>\nPapel de alta calidad.<br \/>\nDisponible en una variedad de colores para que elijas el que mejor combine con tu estilo.<\/span><\/p>\n\n\t\t<\/div> \n\t<\/div> \n\t\t<\/div> <\/div>\n\t<\/div> \n<\/div>\n<\/div>","protected":false},"featured_media":8157,"menu_order":0,"comment_status":"closed","ping_status":"closed","template":"","class_list":["post-8156","portfolio","type-portfolio","status-publish","has-post-thumbnail","hentry","catportfolio-papeleria","tagportfolio-papeleria"],"_links":{"self":[{"href":"https:\/\/laurasoleapoloni.tk\/en\/wp-json\/wp\/v2\/portfolio\/8156","targetHints":{"allow":["GET"]}}],"collection":[{"href":"https:\/\/laurasoleapoloni.tk\/en\/wp-json\/wp\/v2\/portfolio"}],"about":[{"href":"https:\/\/laurasoleapoloni.tk\/en\/wp-json\/wp\/v2\/types\/portfolio"}],"replies":[{"embeddable":true,"href":"https:\/\/laurasoleapoloni.tk\/en\/wp-json\/wp\/v2\/comments?post=8156"}],"wp:featuredmedia":[{"embeddable":true,"href":"https:\/\/laurasoleapoloni.tk\/en\/wp-json\/wp\/v2\/media\/8157"}],"wp:attachment":[{"href":"https:\/\/laurasoleapoloni.tk\/en\/wp-json\/wp\/v2\/media?parent=8156"}],"curies":[{"name":"wp","href":"https:\/\/api.w.org\/{rel}","templated":true}]}}